{"id":16862,"date":"2025-10-20T07:16:49","date_gmt":"2025-10-20T07:16:49","guid":{"rendered":"https:\/\/www.damac.it\/non%20class\u00e9\/komatsu-pc27mr-2\/"},"modified":"2026-01-12T09:18:34","modified_gmt":"2026-01-12T09:18:34","slug":"komatsu-pc27mr-2","status":"publish","type":"product","link":"https:\/\/www.damac.it\/fr\/mini-pelles\/komatsu-pc27mr-2-foggia\/","title":{"rendered":"KOMATSU PC27MR-2"},"content":{"rendered":"\n<p>Compacte, fiable et facile \u00e0 man\u0153uvrer, cette <strong>Komatsu PC27MR-2 2009<\/strong> est la mini-pelle id\u00e9ale pour les travaux d&#8217;excavation, d&#8217;entretien et de construction dans les espaces confin\u00e9s. Avec <strong>4 000 heures de travail<\/strong>, elle est en bon \u00e9tat g\u00e9n\u00e9ral et imm\u00e9diatement op\u00e9rationnelle. <\/p>\n\n<p>La machine est \u00e9quip\u00e9e de <strong>chenilles en caoutchouc<\/strong>, qui offrent une excellente adh\u00e9rence et une protection de la surface, et d&#8217;une <strong>lame avant<\/strong>, utile pour les op\u00e9rations de nivellement et de manutention du sol.<br\/>La <strong>cabine ferm\u00e9e<\/strong> offre confort et s\u00e9curit\u00e9 \u00e0 l&#8217;op\u00e9rateur, ainsi qu&#8217;un environnement de travail prot\u00e9g\u00e9 et une visibilit\u00e9 optimale.<\/p>\n\n<p>\u00c9quip\u00e9e d&#8217;un <strong>syst\u00e8me de marteau<\/strong> et d&#8217;un <strong>godet d&#8217;excavation<\/strong>, cette Komatsu est pr\u00eate \u00e0 \u00eatre utilis\u00e9e dans un large \u00e9ventail d&#8217;applications.<\/p>\n\n<p>Avec un <strong>poids op\u00e9rationnel de 3,1 tonnes<\/strong> et des dimensions de <strong>4,4 m de longueur<\/strong>, <strong>1,5 m de hauteur<\/strong> et <strong>2,6 m de largeur<\/strong>, la PC27MR-2 est compacte et stable, id\u00e9ale pour les chantiers urbains et les travaux de pr\u00e9cision.<br\/>Elle est \u00e9quip\u00e9e d&#8217;un moteur <strong>Komatsu 3D82AE-5<\/strong> de <strong>19 kW<\/strong>, synonyme d&#8217;efficacit\u00e9, de faible consommation de carburant et de grande fiabilit\u00e9.<\/p>\n\n<p>Solide et performante, cette <strong>Komatsu PC27MR-2<\/strong> est une machine compl\u00e8te et polyvalente, pr\u00eate \u00e0 s&#8217;attaquer \u00e0 n&#8217;importe quel travail avec puissance et pr\u00e9cision.<\/p>\n","protected":false},"excerpt":{"rendered":"<p>Komatsu PC27MR-2 de 2009 avec 4 000 heures, poids en ordre de marche 3 100 kg, moteur Komatsu 3D82AE-5 de 19 kW, cabine ferm\u00e9e, chenilles en caoutchouc, lame avant et syst\u00e8me de marteau. Machine compacte, en bon \u00e9tat et pr\u00eate \u00e0 l&#8217;emploi. <\/p>\n","protected":false},"featured_media":16863,"template":"","meta":{"_acf_changed":false},"ubicazione_acf":[],"product_brand":[612],"product_cat":[412],"false":[757],"proprietario":[],"class_list":{"0":"post-16862","1":"product","2":"type-product","3":"status-publish","4":"has-post-thumbnail","6":"product_brand-komatsu","7":"product_cat-mini-pelles","8":"product_tag-fr","9":"pa_brand-komatsu","11":"first","12":"outofstock","13":"sold-individually","14":"shipping-taxable","15":"purchasable","16":"product-type-simple"},"acf":[],"_links":{"self":[{"href":"https:\/\/www.damac.it\/fr\/wp-json\/wp\/v2\/product\/16862","targetHints":{"allow":["GET"]}}],"collection":[{"href":"https:\/\/www.damac.it\/fr\/wp-json\/wp\/v2\/product"}],"about":[{"href":"https:\/\/www.damac.it\/fr\/wp-json\/wp\/v2\/types\/product"}],"wp:featuredmedia":[{"embeddable":true,"href":"https:\/\/www.damac.it\/fr\/wp-json\/wp\/v2\/media\/16863"}],"wp:attachment":[{"href":"https:\/\/www.damac.it\/fr\/wp-json\/wp\/v2\/media?parent=16862"}],"wp:term":[{"taxonomy":"ubicazione_acf","embeddable":true,"href":"https:\/\/www.damac.it\/fr\/wp-json\/wp\/v2\/ubicazione_acf?post=16862"},{"taxonomy":"product_brand","embeddable":true,"href":"https:\/\/www.damac.it\/fr\/wp-json\/wp\/v2\/product_brand?post=16862"},{"taxonomy":"product_cat","embeddable":true,"href":"https:\/\/www.damac.it\/fr\/wp-json\/wp\/v2\/product_cat?post=16862"},{"taxonomy":"product_tag","embeddable":true,"href":"https:\/\/www.damac.it\/fr\/wp-json\/wp\/v2\/false?post=16862"},{"taxonomy":"proprietario","embeddable":true,"href":"https:\/\/www.damac.it\/fr\/wp-json\/wp\/v2\/proprietario?post=16862"}],"curies":[{"name":"wp","href":"https:\/\/api.w.org\/{rel}","templated":true}]}}